{"id":2605,"date":"2024-11-27T11:26:40","date_gmt":"2024-11-27T11:26:40","guid":{"rendered":"https:\/\/aptibus.com\/portfolio-item\/permis-d-cap\/"},"modified":"2026-04-21T08:23:42","modified_gmt":"2026-04-21T08:23:42","slug":"permis-d-cap","status":"publish","type":"portfolio","link":"https:\/\/aptibus.com\/ca\/portfolio-item\/permis-d-cap\/","title":{"rendered":"Perm\u00eds D + CAP"},"content":{"rendered":"\n<style type=\"text\/css\" data-created_by=\"avia_inline_auto\" id=\"style-css-av-lsc8fbfk-a216d5df2c36b093596995430cea5576\">\n.avia-section.av-lsc8fbfk-a216d5df2c36b093596995430cea5576{\nbackground-color:#282828;\nbackground-image:url(https:\/\/aptibus.com\/wp-content\/uploads\/2024\/02\/portrait-female-bus-driver-1-scaled.jpg);\nbackground-repeat:no-repeat;\nbackground-position:0% 100%;\nbackground-attachment:scroll;\n}\n<\/style>\n<div id='av_section_1'  class='avia-section av-lsc8fbfk-a216d5df2c36b093596995430cea5576 main_color avia-section-default avia-no-border-styling  avia-builder-el-0  el_before_av_hr  avia-builder-el-first  avia-full-stretch avia-bg-style-scroll container_wrap fullsize'  data-section-bg-repeat='stretch'><div class='container av-section-cont-open' ><main  role=\"main\" itemprop=\"mainContentOfPage\"  class='template-page content  av-content-full alpha units'><div class='post-entry post-entry-type-page post-entry-2605'><div class='entry-content-wrapper clearfix'>\n\n<style type=\"text\/css\" data-created_by=\"avia_inline_auto\" id=\"style-css-av-uf74jv-5b38283d23b37c81861ad4f861971b26\">\n#top .hr.hr-invisible.av-uf74jv-5b38283d23b37c81861ad4f861971b26{\nheight:50px;\n}\n<\/style>\n<div  class='hr av-uf74jv-5b38283d23b37c81861ad4f861971b26 hr-invisible  avia-builder-el-1  el_before_av_one_fifth  avia-builder-el-first '><span class='hr-inner '><span class=\"hr-inner-style\"><\/span><\/span><\/div>\n<div  class='flex_column av-5u3hi3-6d3618060f06db59d0c8afd799408141 av_one_fifth  avia-builder-el-2  el_after_av_hr  el_before_av_three_fifth  first flex_column_div  '     ><\/div><div  class='flex_column av-7xgbjf-b39e790fe27d069ec882da1cfe182185 av_three_fifth  avia-builder-el-3  el_after_av_one_fifth  el_before_av_one_fifth  flex_column_div  '     ><style type=\"text\/css\" data-created_by=\"avia_inline_auto\" id=\"style-css-av-1j3q0bv-b4909c69a148132ca0df1d29a1ff9e88\">\n#top .av-special-heading.av-1j3q0bv-b4909c69a148132ca0df1d29a1ff9e88{\npadding-bottom:10px;\ncolor:#ffffff;\n}\nbody .av-special-heading.av-1j3q0bv-b4909c69a148132ca0df1d29a1ff9e88 .av-special-heading-tag .heading-char{\nfont-size:25px;\n}\n.av-special-heading.av-1j3q0bv-b4909c69a148132ca0df1d29a1ff9e88 .special-heading-inner-border{\nborder-color:#ffffff;\n}\n.av-special-heading.av-1j3q0bv-b4909c69a148132ca0df1d29a1ff9e88 .av-subheading{\nfont-size:15px;\n}\n<\/style>\n<div  class='av-special-heading av-1j3q0bv-b4909c69a148132ca0df1d29a1ff9e88 av-special-heading-h1 custom-color-heading blockquote modern-quote modern-centered  avia-builder-el-4  avia-builder-el-no-sibling '><div class='av_custom_color av-subheading av-subheading_above'><p>Curs subvencionat<\/p>\n<\/div><h1 class='av-special-heading-tag '  itemprop=\"headline\"  >Curs de preparaci\u00f3 per a l\u2019habilitaci\u00f3 integral de nous conductors d\u2019autob\u00fas: D+CAP<\/h1><div class=\"special-heading-border\"><div class=\"special-heading-inner-border\"><\/div><\/div><\/div><\/div><div  class='flex_column av-2z1cor-b23e46e21c94710990c5daac30147b34 av_one_fifth  avia-builder-el-5  el_after_av_three_fifth  el_before_av_hr  flex_column_div  '     ><\/div>\n<style type=\"text\/css\" data-created_by=\"avia_inline_auto\" id=\"style-css-av-ni95dn-3c49698df57dbc5edbf9dba72de67090\">\n#top .hr.hr-invisible.av-ni95dn-3c49698df57dbc5edbf9dba72de67090{\nheight:50px;\n}\n<\/style>\n<div  class='hr av-ni95dn-3c49698df57dbc5edbf9dba72de67090 hr-invisible  avia-builder-el-6  el_after_av_one_fifth  avia-builder-el-last '><span class='hr-inner '><span class=\"hr-inner-style\"><\/span><\/span><\/div>\n<\/div><\/div><\/main><!-- close content main element --><\/div><\/div><div id='after_section_1'  class='main_color av_default_container_wrap container_wrap fullsize'  ><div class='container av-section-cont-open' ><div class='template-page content  av-content-full alpha units'><div class='post-entry post-entry-type-page post-entry-2605'><div class='entry-content-wrapper clearfix'>\n\n<style type=\"text\/css\" data-created_by=\"avia_inline_auto\" id=\"style-css-av-gxxry3-23e61a95f9ad7bed7bee182de1bd69fb\">\n#top .hr.hr-invisible.av-gxxry3-23e61a95f9ad7bed7bee182de1bd69fb{\nheight:20px;\n}\n<\/style>\n<div  class='hr av-gxxry3-23e61a95f9ad7bed7bee182de1bd69fb hr-invisible  avia-builder-el-7  el_after_av_section  el_before_av_three_fifth  avia-builder-el-first '><span class='hr-inner '><span class=\"hr-inner-style\"><\/span><\/span><\/div>\n<div  class='flex_column av-lsc88syw-3f06be76b1b4aee6acb14c3256eebf67 av_three_fifth  avia-builder-el-8  el_after_av_hr  el_before_av_two_fifth  first flex_column_div  '     ><p><section  class='av_textblock_section av-1gogpwr-c4cc8533690a0697eb646694bc24570a '   itemscope=\"itemscope\" itemtype=\"https:\/\/schema.org\/CreativeWork\" ><div class='avia_textblock'  itemprop=\"text\" ><p>Dins l&#8217;\u00e0mbit de la formaci\u00f3 per a l&#8217;ocupaci\u00f3, aquest programa formatiu pret\u00e9n fer front a dues necessitats urgents de la societat. D&#8217;una banda, alleujar la manca de professionals dins l&#8217;\u00e0mbit de la conducci\u00f3, espec\u00edficament en el sector del transport de viatgers per carretera. i d&#8217;altra banda, oferir una oportunitat laboral a persones que estan a l&#8217;atur o que volen redissenyar el seu futur professional.<\/p>\n<p>Amb el recolzament financer i normatiu del <strong>Servei d&#8217;Ocupaci\u00f3 de Catalunya (SOC)<\/strong>, el SEPE i el Ministeri de Transports, i amb comprom\u00eds de contrataci\u00f3 per part del grup d&#8217;empreses <strong>Moventis<\/strong>, que abasta tota la geografia catalana, <strong>Aptibus<\/strong> duu a terme aquest itinerari formatiu especialitzat amb l&#8217;objectiu de cobrir aquestes necessitats de manera efectiva.<\/p>\n<div id=\"gtx-trans\" style=\"position: absolute; left: -92px; top: -1.40625px;\">\n<div class=\"gtx-trans-icon\"><\/div>\n<\/div>\n<\/div><\/section><br \/>\n\n<style type=\"text\/css\" data-created_by=\"avia_inline_auto\" id=\"style-css-av-e5jnx7-594cfd1f1991ebc71489c2974862a552\">\n#top .hr.hr-invisible.av-e5jnx7-594cfd1f1991ebc71489c2974862a552{\nheight:20px;\n}\n<\/style>\n<div  class='hr av-e5jnx7-594cfd1f1991ebc71489c2974862a552 hr-invisible  avia-builder-el-10  el_after_av_textblock  el_before_av_toggle_container '><span class='hr-inner '><span class=\"hr-inner-style\"><\/span><\/span><\/div><br \/>\n\n<style type=\"text\/css\" data-created_by=\"avia_inline_auto\" id=\"style-css-av-lsk79aqr-77de3e708a4fc122c92e323c1c729344\">\n#top .togglecontainer.av-lsk79aqr-77de3e708a4fc122c92e323c1c729344 p.toggler{\nborder-color:#db9043;\n}\n#top .togglecontainer.av-lsk79aqr-77de3e708a4fc122c92e323c1c729344 .toggle_wrap .toggle_content{\nborder-color:#db9043;\n}\n<\/style>\n<div  class='togglecontainer av-lsk79aqr-77de3e708a4fc122c92e323c1c729344 av-minimal-toggle  avia-builder-el-11  el_after_av_hr  el_before_av_hr  toggle_close_all' >\n<section class='av_toggle_section av-lsk73jps-8fe77f61f7051d7e5695ed5e4274d7e0'  itemscope=\"itemscope\" itemtype=\"https:\/\/schema.org\/CreativeWork\" ><div role=\"tablist\" class=\"single_toggle\" data-tags=\"{All} \"  ><p id='toggle-toggle-id-1' data-fake-id='#toggle-id-1' class='toggler  av-title-above av-inherit-border-color'  itemprop=\"headline\"  role='tab' tabindex='0' aria-controls='toggle-id-1' data-slide-speed=\"200\" data-title=\"Objectius de la formaci\u00f3\" data-title-open=\"\" data-aria_collapsed=\"Click to expand: Objectius de la formaci\u00f3\" data-aria_expanded=\"Click to collapse: Objectius de la formaci\u00f3\">Objectius de la formaci\u00f3<span class=\"toggle_icon\"><span class=\"vert_icon\"><\/span><span class=\"hor_icon\"><\/span><\/span><\/p><div id='toggle-id-1' aria-labelledby='toggle-toggle-id-1' role='region' class='toggle_wrap  av-title-above'  ><div class='toggle_content invers-color av-inherit-border-color'  itemprop=\"text\" ><p>El personal conductor d&#8217;autobusos i autocars \u00e9s l&#8217;element central i m\u00e9s valu\u00f3s del sector del transport de passatgers. Les actuals exig\u00e8ncies, tant normatives como d&#8217;aflu\u00e8ncia, requeriments i innovacions tecnol\u00f2giques i d&#8217;equipament de les carreteres, requereixen una meticulosa preparaci\u00f3 de les persones per a les quals, fins fa ben poc, es requerien m\u00e9s habilitats al volant que no pas professionalitzaci\u00f3.<\/p>\n<p>A m\u00e9s, el fet de tractar amb vides humanes dins el vehicle suposa per a les persones conductores una major exig\u00e8ncia de preparaci\u00f3 pr\u00e8via, no nom\u00e9s en quant als elements mec\u00e0nics de la conducci\u00f3, sino sobre tot per ser capaces de fer front a qualsevol situaci\u00f3 quotidiana, d&#8217;emerg\u00e8ncia o de conflicte durant els trajectes. Aix\u00ed doncs, aquesta formaci\u00f3 integral pret\u00e9n donar eines per respondre amb efici\u00e8ncia, empatia i assertivitat a qualsevol situaci\u00f3.<\/p>\n<p>Pel que fa a les compet\u00e8ncies adquirides, els conductors i conductores, un cop aprovats els corresponents ex\u00e0mens, podran conduir de manera responsable i amb confian\u00e7a vehicles destinats al transport de persones, tindran les eines per actuar amb rapidesa i efic\u00e0cia en condicions adverses (avaries, accidents, condicions climatol\u00f2giques extremes&#8230;), aix\u00ed com per gestionar els conflictes que puguin sorgir durant els trajectes.<\/p>\n<p>Aquest \u00e9s el perfil de les persones formades a <strong>Aptibus<\/strong> com a conductors\/es:<\/p>\n<ul>\n<li>Hauran assolit les habilitats per gestionar el consum de carburant amb efici\u00e8ncia i estalvi energ\u00e8tic i estaran plenament preparades per realitzar les proves oficials per a l&#8217;acreditaci\u00f3 com a conductors\/es professionals d&#8217;autobusos i autocars.<\/li>\n<li>Podran aprofitar tot el potencial dels sistemes d&#8217;assist\u00e8ncia de l&#8217;autob\u00fas.<\/li>\n<li>Sabran tractar els seus passatgers amable i adequadament.<\/li>\n<li>Portaran amb confian\u00e7a les situacions d&#8217;emerg\u00e8ncia.<\/li>\n<li>Tindran prou coneixements per mantenir-se en bon estat de salut i en forma.<\/li>\n<li>Coneixeran la normativa relacionada amb el transport de viatgers.<\/li>\n<li>Coneixeran la normativa reguladora dels per\u00edodes de conducci\u00f3 i descans.<\/li>\n<\/ul>\n<\/div><\/div><\/div><\/section>\n<section class='av_toggle_section av-lsk74tpj-248accb22be7dc70d87bdbf9b8a8ade7'  itemscope=\"itemscope\" itemtype=\"https:\/\/schema.org\/CreativeWork\" ><div role=\"tablist\" class=\"single_toggle\" data-tags=\"{All} \"  ><p id='toggle-toggle-id-2' data-fake-id='#toggle-id-2' class='toggler  av-title-above av-inherit-border-color'  itemprop=\"headline\"  role='tab' tabindex='0' aria-controls='toggle-id-2' data-slide-speed=\"200\" data-title=\"Continguts\" data-title-open=\"\" data-aria_collapsed=\"Click to expand: Continguts\" data-aria_expanded=\"Click to collapse: Continguts\">Continguts<span class=\"toggle_icon\"><span class=\"vert_icon\"><\/span><span class=\"hor_icon\"><\/span><\/span><\/p><div id='toggle-id-2' aria-labelledby='toggle-toggle-id-2' role='region' class='toggle_wrap  av-title-above'  ><div class='toggle_content invers-color av-inherit-border-color'  itemprop=\"text\" ><ul>\n<li>Formaci\u00f3 te\u00f2rica per a l&#8217;obtenci\u00f3 del Certificat CAP<\/li>\n<li>Formaci\u00f3 te\u00f2rica per a l&#8217;obtenci\u00f3 del perm\u00eds de conduir D<\/li>\n<li>Pr\u00e0ctiques de conducci\u00f3 en autob\u00fas<\/li>\n<\/ul>\n<\/div><\/div><\/div><\/section>\n<section class='av_toggle_section av-lsk77h3z-25da61a046742439487302c69f2e26f7'  itemscope=\"itemscope\" itemtype=\"https:\/\/schema.org\/CreativeWork\" ><div role=\"tablist\" class=\"single_toggle\" data-tags=\"{All} \"  ><p id='toggle-toggle-id-3' data-fake-id='#toggle-id-3' class='toggler  av-title-above av-inherit-border-color'  itemprop=\"headline\"  role='tab' tabindex='0' aria-controls='toggle-id-3' data-slide-speed=\"200\" data-title=\"Destinataris\" data-title-open=\"\" data-aria_collapsed=\"Click to expand: Destinataris\" data-aria_expanded=\"Click to collapse: Destinataris\">Destinataris<span class=\"toggle_icon\"><span class=\"vert_icon\"><\/span><span class=\"hor_icon\"><\/span><\/span><\/p><div id='toggle-id-3' aria-labelledby='toggle-toggle-id-3' role='region' class='toggle_wrap  av-title-above'  ><div class='toggle_content invers-color av-inherit-border-color'  itemprop=\"text\" ><p>Persones amb un alt grau de comprom\u00eds i responsabilitat, disposades a iniciar o reorientar la seva vida laboral en el sector del transport de passatgers \u2212tenint en compte la versatilitat i variabilitat del sector, que obliga a canvis d&#8217;horari en funci\u00f3 de l&#8217;estacionalitat, sobre tot en el cas del transport discrecional (autocars)\u2212 que estiguin disposades a una certa mobilitat geogr\u00e0fica, sigui degut als recorreguts (llarga dist\u00e0ncia), o a les ofertes laborals en diferent parts de la geografia catalana.<\/p>\n<\/div><\/div><\/div><\/section>\n<\/div><br \/>\n\n<style type=\"text\/css\" data-created_by=\"avia_inline_auto\" id=\"style-css-av-av_hr-82f5be0ae0af6a64fe3091010b237709\">\n#top .hr.hr-invisible.av-av_hr-82f5be0ae0af6a64fe3091010b237709{\nheight:20px;\n}\n<\/style>\n<div  class='hr av-av_hr-82f5be0ae0af6a64fe3091010b237709 hr-invisible  avia-builder-el-12  el_after_av_toggle_container  el_before_av_icon_box '><span class='hr-inner '><span class=\"hr-inner-style\"><\/span><\/span><\/div><br \/>\n\n<style type=\"text\/css\" data-created_by=\"avia_inline_auto\" id=\"style-css-av-lwhvot14-92e5f62a6bfcf5e7e8336e1186247380\">\n.iconbox.av-lwhvot14-92e5f62a6bfcf5e7e8336e1186247380 .iconbox_icon{\ncolor:#5b64aa;\n}\n.iconbox.av-lwhvot14-92e5f62a6bfcf5e7e8336e1186247380 .iconbox_icon.avia-svg-icon svg:first-child{\nfill:#5b64aa;\nstroke:#5b64aa;\n}\n#top #wrap_all .iconbox.av-lwhvot14-92e5f62a6bfcf5e7e8336e1186247380 .iconbox_content_title{\ncolor:#5b64aa;\n}\n.iconbox.av-lwhvot14-92e5f62a6bfcf5e7e8336e1186247380 .iconbox_content_container{\ncolor:#5b64aa;\n}\n<\/style>\n<article  class='iconbox iconbox_left av-lwhvot14-92e5f62a6bfcf5e7e8336e1186247380  avia-builder-el-13  el_after_av_hr  avia-builder-el-last '  itemscope=\"itemscope\" itemtype=\"https:\/\/schema.org\/CreativeWork\" ><div class=\"iconbox_content\"><header class=\"entry-content-header\" aria-label=\"Icon: Consulta el fullet\u00f3 informatiu\"><a href='https:\/\/aptibus.com\/wp-content\/uploads\/2024\/05\/Fulleto_Forma_i_Insereix2023_castella.pdf' title='Consulta el fullet\u00f3 informatiu' aria-label='Consulta el fullet\u00f3 informatiu'  target=\"_blank\"  rel=\"noopener noreferrer\" class='iconbox_icon heading-color avia-iconfont avia-font-entypo-fontello' data-av_icon='\ue81f' data-av_iconfont='entypo-fontello' title=\"Consulta el fullet\u00f3 informatiu\" desc=\"Consulta el fullet\u00f3 informatiu\" ><\/a><h3 class='iconbox_content_title '  itemprop=\"headline\" ><a href='https:\/\/aptibus.com\/wp-content\/uploads\/2024\/05\/Fulleto_Forma_i_Insereix2023_castella.pdf' title='Consulta el fullet\u00f3 informatiu'  target=\"_blank\"  rel=\"noopener noreferrer\">Consulta el fullet\u00f3 informatiu<\/a><\/h3><\/header><div class='iconbox_content_container av_inherit_color'  itemprop=\"text\" ><p><a href=\"https:\/\/aptibus.com\/wp-content\/uploads\/2024\/11\/Fulleto_Forma_i_Insereix2025-1.pdf\">Fullet\u00f3_Forma_i_Insereix2025<\/a><\/p>\n<\/div><\/div><footer class=\"entry-footer\"><\/footer><\/article><\/p><\/div>\n\n<style type=\"text\/css\" data-created_by=\"avia_inline_auto\" id=\"style-css-av-lsk8mtxf-43b13d90a8bff517a056a17dfef91155\">\n.flex_column.av-lsk8mtxf-43b13d90a8bff517a056a17dfef91155{\npadding:32px 32px 32px 32px;\nbackground-color:#eaeaea;\n}\n<\/style>\n<div  class='flex_column av-lsk8mtxf-43b13d90a8bff517a056a17dfef91155 av_two_fifth  avia-builder-el-14  el_after_av_three_fifth  el_before_av_hr  flex_column_div  '     ><p>\n<style type=\"text\/css\" data-created_by=\"avia_inline_auto\" id=\"style-css-av-lsk8rx1t-64d339e657894513667ebeb210c5c68c\">\n#top .av-special-heading.av-lsk8rx1t-64d339e657894513667ebeb210c5c68c{\npadding-bottom:10px;\ncolor:#5b64aa;\n}\nbody .av-special-heading.av-lsk8rx1t-64d339e657894513667ebeb210c5c68c .av-special-heading-tag .heading-char{\nfont-size:25px;\n}\n.av-special-heading.av-lsk8rx1t-64d339e657894513667ebeb210c5c68c .special-heading-inner-border{\nborder-color:#5b64aa;\n}\n.av-special-heading.av-lsk8rx1t-64d339e657894513667ebeb210c5c68c .av-subheading{\nfont-size:15px;\n}\n<\/style>\n<div  class='av-special-heading av-lsk8rx1t-64d339e657894513667ebeb210c5c68c av-special-heading-h5 custom-color-heading blockquote modern-quote  avia-builder-el-15  el_before_av_hr  avia-builder-el-first '><h5 class='av-special-heading-tag '  itemprop=\"headline\"  >Properes edicions<\/h5><div class=\"special-heading-border\"><div class=\"special-heading-inner-border\"><\/div><\/div><\/div><br \/>\n\n<style type=\"text\/css\" data-created_by=\"avia_inline_auto\" id=\"style-css-av-av_hr-be1f1e7a8f3f41c5aa424376d0a14d24\">\n#top .hr.av-av_hr-be1f1e7a8f3f41c5aa424376d0a14d24{\nmargin-top:10px;\nmargin-bottom:10px;\n}\n.hr.av-av_hr-be1f1e7a8f3f41c5aa424376d0a14d24 .hr-inner{\nwidth:100%;\n}\n<\/style>\n<div  class='hr av-av_hr-be1f1e7a8f3f41c5aa424376d0a14d24 hr-custom  avia-builder-el-16  el_after_av_heading  el_before_av_textblock  hr-center hr-icon-no'><span class='hr-inner inner-border-av-border-thin'><span class=\"hr-inner-style\"><\/span><\/span><\/div><br \/>\n<section  class='av_textblock_section av-mf3q4ael-f4ea13ac45b6b8180d30de8e838107a1 '   itemscope=\"itemscope\" itemtype=\"https:\/\/schema.org\/CreativeWork\" ><div class='avia_textblock'  itemprop=\"text\" ><p><strong>Lloc de la formaci\u00f3: <\/strong>Sant Cugat del Vall\u00e8s<\/p>\n<p><strong>Dates:<\/strong> del 13\/05\/2026 al 24\/07\/2026<\/p>\n<p><strong>Preinscripcions:<\/strong> TANCADES<\/p>\n<p><strong>Prova de selecci\u00f3<\/strong>: 21 i 22\/04\/2026<\/p>\n<p>Curs subvencionat pel Consorci per a la Formaci\u00f3 Cont\u00ednua de Catalunya<\/p>\n<\/div><\/section><br \/>\n\n<style type=\"text\/css\" data-created_by=\"avia_inline_auto\" id=\"style-css-av-av_hr-be1f1e7a8f3f41c5aa424376d0a14d24\">\n#top .hr.av-av_hr-be1f1e7a8f3f41c5aa424376d0a14d24{\nmargin-top:10px;\nmargin-bottom:10px;\n}\n.hr.av-av_hr-be1f1e7a8f3f41c5aa424376d0a14d24 .hr-inner{\nwidth:100%;\n}\n<\/style>\n<div  class='hr av-av_hr-be1f1e7a8f3f41c5aa424376d0a14d24 hr-custom  avia-builder-el-18  el_after_av_textblock  el_before_av_textblock  hr-center hr-icon-no'><span class='hr-inner inner-border-av-border-thin'><span class=\"hr-inner-style\"><\/span><\/span><\/div><br \/>\n<section  class='av_textblock_section av-lycvsrhl-c386ec8d3702402f3ffd07c88e508b1e '   itemscope=\"itemscope\" itemtype=\"https:\/\/schema.org\/CreativeWork\" ><div class='avia_textblock'  itemprop=\"text\" ><div class=\"flex-shrink-0 flex flex-col relative items-end\">\n<div>\n<div class=\"pt-0.5 juice:pt-0\">\n<div class=\"gizmo-shadow-stroke flex h-6 w-6 items-center justify-center overflow-hidden rounded-full juice:h-8 juice:w-8\">\n<div class=\"h-6 w-6 juice:h-full juice:w-full\">\n<div class=\"gizmo-shadow-stroke overflow-hidden rounded-full\">Si els horaris o la ubicaci\u00f3 del curs no s&#8217;ajusten a les teves necessitats, per\u00f2 vols ser notificat en cas de futures edicions, fes clic en aquest bot\u00f3 i completa el breu formulari que apareixer\u00e0. Conservarem la teva sol\u00b7licitud durant un any.<\/div>\n<\/div>\n<\/div>\n<\/div>\n<\/div>\n<\/div>\n<\/div><\/section><br \/>\n\n<style type=\"text\/css\" data-created_by=\"avia_inline_auto\" id=\"style-css-av-3a9l5n-0ca1bfc77887d1524d1364b95740ebfd\">\n#top .hr.hr-invisible.av-3a9l5n-0ca1bfc77887d1524d1364b95740ebfd{\nheight:20px;\n}\n<\/style>\n<div  class='hr av-3a9l5n-0ca1bfc77887d1524d1364b95740ebfd hr-invisible  avia-builder-el-20  el_after_av_textblock  el_before_av_buttonrow '><span class='hr-inner '><span class=\"hr-inner-style\"><\/span><\/span><\/div><br \/>\n<div  class='avia-buttonrow-wrap av-mmknfoed-fd0a854d882b0f9bca790d83f6a33c69 avia-buttonrow-left  avia-builder-el-21  el_after_av_hr  avia-builder-el-last '>\n\n<style type=\"text\/css\" data-created_by=\"avia_inline_auto\" id=\"style-css-av-mmknfm3t-23e6ae6d7f23fdcfaa95b3749da62d31\">\n#top #wrap_all .avia-button.av-mmknfm3t-23e6ae6d7f23fdcfaa95b3749da62d31{\nmargin-bottom:5px;\nmargin-right:5px;\n}\n<\/style>\n<a href='https:\/\/forms.aptibus.com\/index.php\/591827?lang=es'  class='avia-button av-mmknfm3t-23e6ae6d7f23fdcfaa95b3749da62d31 avia-icon_select-no avia-size-small avia-color-theme-color'  target=\"_blank\"  rel=\"noopener noreferrer\"  aria-label=\"Solicitar av\u00eds\"><span class='avia_iconbox_title' >Solicitar av\u00eds<\/span><\/a>\n<\/div><\/p><\/div>\n<style type=\"text\/css\" data-created_by=\"avia_inline_auto\" id=\"style-css-av-247b9n-91d018e6d7a2ca72c0ef09411414d15b\">\n#top .hr.hr-invisible.av-247b9n-91d018e6d7a2ca72c0ef09411414d15b{\nheight:30px;\n}\n<\/style>\n<div  class='hr av-247b9n-91d018e6d7a2ca72c0ef09411414d15b hr-invisible  avia-builder-el-22  el_after_av_two_fifth  el_before_av_layout_row  avia-builder-el-last '><span class='hr-inner '><span class=\"hr-inner-style\"><\/span><\/span><\/div><\/p>\n<\/div><\/div><\/div><!-- close content main div --><\/div><\/div><div id='av-layout-grid-1'  class='av-layout-grid-container av-av_layout_row-eebb15a107dd1db7b8aaa4b9c220af34 entry-content-wrapper main_color av-border-top-bottom av-flex-cells  avia-builder-el-23  el_after_av_hr  el_before_av_hr  grid-row-not-first  container_wrap fullsize'  >\n\n<style type=\"text\/css\" data-created_by=\"avia_inline_auto\" id=\"style-css-av-av_cell_one_fourth-ffee240dd808cdbd2f5e3757b0e43aec\">\n.flex_cell.av-av_cell_one_fourth-ffee240dd808cdbd2f5e3757b0e43aec{\nvertical-align:top;\nbackground-color:rgba(91,100,170,0.8);\n}\n.responsive #top #wrap_all .flex_cell.av-av_cell_one_fourth-ffee240dd808cdbd2f5e3757b0e43aec{\npadding:40px 40px 40px 40px !important;\n}\n<\/style>\n<div class='flex_cell av-av_cell_one_fourth-ffee240dd808cdbd2f5e3757b0e43aec av-gridrow-cell av_one_fourth no_margin  avia-builder-el-24  el_before_av_cell_one_fourth  avia-builder-el-first  content-align-top'  ><div class='flex_cell_inner'>\n<style type=\"text\/css\" data-created_by=\"avia_inline_auto\" id=\"style-css-av-1bnaiiz-42f3f24a0b0d3da62a376e29a7f62ad6\">\n.iconbox.av-1bnaiiz-42f3f24a0b0d3da62a376e29a7f62ad6 .iconbox_icon{\nborder:1px solid #ffffff;\ncolor:#ffffff;\n}\n.iconbox.av-1bnaiiz-42f3f24a0b0d3da62a376e29a7f62ad6 .iconbox_icon.avia-svg-icon svg:first-child{\nfill:#ffffff;\nstroke:#ffffff;\n}\n#top #wrap_all .iconbox.av-1bnaiiz-42f3f24a0b0d3da62a376e29a7f62ad6 .iconbox_content_title{\ncolor:#ffffff;\n}\n.iconbox.av-1bnaiiz-42f3f24a0b0d3da62a376e29a7f62ad6 .iconbox_content_container{\ncolor:#fcfcfc;\n}\n<\/style>\n<article  class='iconbox iconbox_left_content av-1bnaiiz-42f3f24a0b0d3da62a376e29a7f62ad6  avia-builder-el-25  avia-builder-el-no-sibling '  itemscope=\"itemscope\" itemtype=\"https:\/\/schema.org\/CreativeWork\" ><div class='iconbox_icon heading-color avia-iconfont avia-font-entypo-fontello' data-av_icon='\ue812' data-av_iconfont='entypo-fontello'  ><\/div><div class=\"iconbox_content\"><header class=\"entry-content-header\" aria-label=\"Icon: Detalls del curs \"><h3 class='iconbox_content_title '  itemprop=\"headline\" >Detalls del curs <\/h3><\/header><div class='iconbox_content_container av_inherit_color'  itemprop=\"text\" ><p><strong>Modalitat:<\/strong> Presencial<\/p>\n<p><strong>Durada:<\/strong> 295 hores (inclou pr\u00e0ctiques de conducci\u00f3)<\/p>\n<p><strong>Horari:<\/strong> de dilluns a divendres, de 9:00 a 15:00 h<\/p>\n<div id=\"gtx-trans\" style=\"position: absolute; left: -33px; top: -1.40625px;\">\n<div class=\"gtx-trans-icon\"><\/div>\n<\/div>\n<\/div><\/div><footer class=\"entry-footer\"><\/footer><\/article>\n<\/div><\/div>\n<style type=\"text\/css\" data-created_by=\"avia_inline_auto\" id=\"style-css-av-av_cell_one_fourth-ca6be4f1bef992cb658fad8f631022d3\">\n.flex_cell.av-av_cell_one_fourth-ca6be4f1bef992cb658fad8f631022d3{\nvertical-align:top;\nbackground-color:rgba(91,100,170,0.9);\n}\n.responsive #top #wrap_all .flex_cell.av-av_cell_one_fourth-ca6be4f1bef992cb658fad8f631022d3{\npadding:40px 40px 40px 40px !important;\n}\n<\/style>\n<div class='flex_cell av-av_cell_one_fourth-ca6be4f1bef992cb658fad8f631022d3 av-gridrow-cell av_one_fourth no_margin  avia-builder-el-26  el_after_av_cell_one_fourth  el_before_av_cell_one_half  content-align-top'  ><div class='flex_cell_inner'>\n<style type=\"text\/css\" data-created_by=\"avia_inline_auto\" id=\"style-css-av-17m9ypn-4d3ef685bbc33392a20226f195e9cc6e\">\n.iconbox.av-17m9ypn-4d3ef685bbc33392a20226f195e9cc6e .iconbox_icon{\nborder:1px solid #ffffff;\ncolor:#ffffff;\n}\n.iconbox.av-17m9ypn-4d3ef685bbc33392a20226f195e9cc6e .iconbox_icon.avia-svg-icon svg:first-child{\nfill:#ffffff;\nstroke:#ffffff;\n}\n#top #wrap_all .iconbox.av-17m9ypn-4d3ef685bbc33392a20226f195e9cc6e .iconbox_content_title{\ncolor:#ffffff;\n}\n.iconbox.av-17m9ypn-4d3ef685bbc33392a20226f195e9cc6e .iconbox_content_container{\ncolor:#fcfcfc;\n}\n<\/style>\n<article  class='iconbox iconbox_left_content av-17m9ypn-4d3ef685bbc33392a20226f195e9cc6e  avia-builder-el-27  avia-builder-el-no-sibling '  itemscope=\"itemscope\" itemtype=\"https:\/\/schema.org\/CreativeWork\" ><div class='iconbox_icon heading-color avia-iconfont avia-font-entypo-fontello' data-av_icon='\ue812' data-av_iconfont='entypo-fontello'  ><\/div><div class=\"iconbox_content\"><header class=\"entry-content-header\" aria-label=\"Icon: Destinataris\"><h3 class='iconbox_content_title '  itemprop=\"headline\" >Destinataris<\/h3><\/header><div class='iconbox_content_container av_inherit_color'  itemprop=\"text\" ><ul>\n<li>Majors de 24 anys<\/li>\n<li>Nivell educatiu ESO o equivalent<\/li>\n<li>Amb Perm\u00eds B en vig\u00e8ncia (amb tots els punts)<\/li>\n<li>En situaci\u00f3 d&#8217;atur o ERO (Expedient de Regulaci\u00f3 d&#8217;Ocupaci\u00f3), malgrat el programa permet un petit percentatge (30%) de persones que estiguin en actiu i que vulguin reorientar la seva situaci\u00f3 laboral (hauran d&#8217;estar registrades a la seva OTG com a demandants de millora d&#8217;ocupaci\u00f3).<\/li>\n<\/ul>\n<div id=\"gtx-trans\" style=\"position: absolute; left: 3px; top: 45.5938px;\">\n<div class=\"gtx-trans-icon\"><\/div>\n<\/div>\n<\/div><\/div><footer class=\"entry-footer\"><\/footer><\/article>\n<\/div><\/div>\n<style type=\"text\/css\" data-created_by=\"avia_inline_auto\" id=\"style-css-av-av_cell_one_half-b76b8ad3d9932aa1eeb6d4396ea00de0\">\n.flex_cell.av-av_cell_one_half-b76b8ad3d9932aa1eeb6d4396ea00de0{\nvertical-align:top;\nbackground-color:#5b64aa;\n}\n.responsive #top #wrap_all .flex_cell.av-av_cell_one_half-b76b8ad3d9932aa1eeb6d4396ea00de0{\npadding:40px 40px 40px 40px !important;\n}\n<\/style>\n<div class='flex_cell av-av_cell_one_half-b76b8ad3d9932aa1eeb6d4396ea00de0 av-gridrow-cell av_one_half no_margin  avia-builder-el-28  el_after_av_cell_one_fourth  avia-builder-el-last  content-align-top'  ><div class='flex_cell_inner'>\n<style type=\"text\/css\" data-created_by=\"avia_inline_auto\" id=\"style-css-av-142lcbf-73a652b96828309487080eb4efd28104\">\n.iconbox.av-142lcbf-73a652b96828309487080eb4efd28104 .iconbox_icon{\nborder:1px solid #ffffff;\ncolor:#ffffff;\n}\n.iconbox.av-142lcbf-73a652b96828309487080eb4efd28104 .iconbox_icon.avia-svg-icon svg:first-child{\nfill:#ffffff;\nstroke:#ffffff;\n}\n#top #wrap_all .iconbox.av-142lcbf-73a652b96828309487080eb4efd28104 .iconbox_content_title{\ncolor:#ffffff;\n}\n.iconbox.av-142lcbf-73a652b96828309487080eb4efd28104 .iconbox_content_container{\ncolor:#fcfcfc;\n}\n<\/style>\n<article  class='iconbox iconbox_left_content av-142lcbf-73a652b96828309487080eb4efd28104  avia-builder-el-29  avia-builder-el-no-sibling '  itemscope=\"itemscope\" itemtype=\"https:\/\/schema.org\/CreativeWork\" ><div class='iconbox_icon heading-color avia-iconfont avia-font-entypo-fontello' data-av_icon='\ue812' data-av_iconfont='entypo-fontello'  ><\/div><div class=\"iconbox_content\"><header class=\"entry-content-header\" aria-label=\"Icon: Costos no subvencionats\"><h3 class='iconbox_content_title '  itemprop=\"headline\" >Costos no subvencionats<\/h3><\/header><div class='iconbox_content_container av_inherit_color'  itemprop=\"text\" ><p>En aquesta formaci\u00f3, els seg\u00fcents conceptes i costos no formen part de la subvenci\u00f3, donat que s\u00f3n taxes i requeriments gestionats per la DGT o pel Departament de Transports de la Generalitat. Els preus vigents a juny de 2024 s\u00f3n els seg\u00fcents:<\/p>\n<ul>\n<li>94,05\u20ac &#8211; Taxa de gesti\u00f3 de la DGT (perm\u00eds D)<\/li>\n<li>34,45\u20ac &#8211; Taxa de l&#8217;examen CAP<\/li>\n<li>30\/40\u20ac &#8211; Certificat m\u00e8dic<\/li>\n<li>44,1\u20ac &#8211; Expedici\u00f3 de la targeta CAP<\/li>\n<\/ul>\n<p><em>Notes:<br \/>\n<\/em><em>1- Donat que l&#8217;import de les taxes ve determinat pels pressupostos de les diferents administracions, els preus especificats poden patir lleugeres variacions.<br \/>\n2- E<\/em><em>n cas de renovaci\u00f3 caldr\u00e0 abonar la part corresponent al c\u00e0non de pistes i de tramitaci\u00f3 del nou expedient.<\/em><\/p>\n<div id=\"gtx-trans\" style=\"position: absolute; left: -10px; top: -1.40625px;\">\n<div class=\"gtx-trans-icon\"><\/div>\n<\/div>\n<\/div><\/div><footer class=\"entry-footer\"><\/footer><\/article>\n<\/div><\/div>\n<\/div><div id='after_grid_row_1'  class='main_color av_default_container_wrap container_wrap fullsize'  ><div class='container av-section-cont-open' ><div class='template-page content  av-content-full alpha units'><div class='post-entry post-entry-type-page post-entry-2605'><div class='entry-content-wrapper clearfix'>\n\n<style type=\"text\/css\" data-created_by=\"avia_inline_auto\" id=\"style-css-av-cj6jhn-8625a03c58cbdbb3a1b427afc3908e00\">\n#top .hr.hr-invisible.av-cj6jhn-8625a03c58cbdbb3a1b427afc3908e00{\nheight:20px;\n}\n<\/style>\n<div  class='hr av-cj6jhn-8625a03c58cbdbb3a1b427afc3908e00 hr-invisible  avia-builder-el-30  el_after_av_layout_row  el_before_av_contact  avia-builder-el-first '><span class='hr-inner '><span class=\"hr-inner-style\"><\/span><\/span><\/div>\n<form action=\"https:\/\/aptibus.com\/ca\/portfolio-item\/permis-d-cap\/\" method=\"post\" data-fields-with-error=\"Found errors in the following field(s):\" class=\"avia_ajax_form av-form-labels-hidden   avia-builder-el-31  el_after_av_hr  el_before_av_hr   \" data-avia-form-id=\"1\" data-avia-redirect='' ><h3 class=''>Tens dubtes? Pregunta\u2019ns<\/h3><fieldset><p class='  first_form  form_element form_fullwidth' id='element_avia_1_1'><label for=\"avia_1_1\">Nom i cognoms <abbr class=\"required\" title=\"obligatori\">*<\/abbr><\/label> <input name=\"avia_1_1\" class=\"text_input is_empty\" type=\"text\" id=\"avia_1_1\" value=\"\"  placeholder='Nom i cognoms*'\/><\/p><p class='  first_form  form_element form_fullwidth' id='element_avia_2_1'><label for=\"avia_2_1\">Correu electr\u00f2nic <abbr class=\"required\" title=\"obligatori\">*<\/abbr><\/label> <input name=\"avia_2_1\" class=\"text_input is_email\" type=\"text\" id=\"avia_2_1\" value=\"\"  placeholder='Correu electr\u00f2nic*'\/><\/p><p class='  first_form  form_element form_fullwidth' id='element_avia_3_1'><label for=\"avia_3_1\">Assumpte <abbr class=\"required\" title=\"obligatori\">*<\/abbr><\/label> <input name=\"avia_3_1\" class=\"text_input is_empty\" type=\"text\" id=\"avia_3_1\" value=\"\"  placeholder='Assumpte*'\/><\/p><p class='  first_form  form_element form_fullwidth' id='element_avia_4_1'><label for=\"avia_4_1\" class=\"textare_label hidden textare_label_avia_4_1\">Missatge <abbr class=\"required\" title=\"obligatori\">*<\/abbr><\/label><textarea  placeholder='Missatge*' name=\"avia_4_1\" class=\"text_area is_empty\" cols=\"40\" rows=\"7\" id=\"avia_4_1\" ><\/textarea><\/p><p class=\"hidden\"><input type=\"text\" name=\"avia_5_1\" class=\"hidden \" id=\"avia_5_1\" value=\"\" \/><\/p><p class=' av_form_privacy_check av_contact_privacy_check first_form  form_element form_fullwidth' id='element_avia_6_1'><input  name=\"avia_6_1\" class=\"input_checkbox is_empty\" type=\"checkbox\" id=\"avia_6_1\" value=\"true\"\/><label class=\"input_checkbox_label\" for=\"avia_6_1\">Accepto els termes i condicions establerts a la <a href='https:\/\/aptibus.com\/privacy-policy\/' target='_blank'>Pol\u00edtica de privadesa<\/a> <abbr class=\"required\" title=\"obligatori\">*<\/abbr><\/label><\/p><p class=\"form_element \"><input type=\"hidden\" value=\"1\" name=\"avia_generated_form1\" \/><input type=\"submit\" value=\"Envia\" class=\"button\"  data-sending-label=\"Enviant\"\/><\/p><\/fieldset><\/form><div id=\"ajaxresponse_1\" class=\"ajaxresponse ajaxresponse_1 hidden\"><\/div>\n\n<style type=\"text\/css\" data-created_by=\"avia_inline_auto\" id=\"style-css-av-8bgvf-ced5ceaa79c59f34530b8e30149b3562\">\n#top .hr.hr-invisible.av-8bgvf-ced5ceaa79c59f34530b8e30149b3562{\nheight:20px;\n}\n<\/style>\n<div  class='hr av-8bgvf-ced5ceaa79c59f34530b8e30149b3562 hr-invisible  avia-builder-el-32  el_after_av_contact  avia-builder-el-last '><span class='hr-inner '><span class=\"hr-inner-style\"><\/span><\/span><\/div>\n","protected":false},"excerpt":{"rendered":"","protected":false},"author":3,"featured_media":1070,"comment_status":"open","ping_status":"closed","template":"","meta":{"footnotes":""},"tags":[],"portfolio_entries":[57,56],"class_list":["post-2605","portfolio","type-portfolio","status-publish","has-post-thumbnail","hentry","portfolio_entries-cursos-subvencionats-per-a-persones-en-actiu","portfolio_entries-cursos-subvencionats-per-a-persones-a-latur"],"_links":{"self":[{"href":"https:\/\/aptibus.com\/ca\/wp-json\/wp\/v2\/portfolio\/2605","targetHints":{"allow":["GET"]}}],"collection":[{"href":"https:\/\/aptibus.com\/ca\/wp-json\/wp\/v2\/portfolio"}],"about":[{"href":"https:\/\/aptibus.com\/ca\/wp-json\/wp\/v2\/types\/portfolio"}],"author":[{"embeddable":true,"href":"https:\/\/aptibus.com\/ca\/wp-json\/wp\/v2\/users\/3"}],"replies":[{"embeddable":true,"href":"https:\/\/aptibus.com\/ca\/wp-json\/wp\/v2\/comments?post=2605"}],"version-history":[{"count":5,"href":"https:\/\/aptibus.com\/ca\/wp-json\/wp\/v2\/portfolio\/2605\/revisions"}],"predecessor-version":[{"id":4180,"href":"https:\/\/aptibus.com\/ca\/wp-json\/wp\/v2\/portfolio\/2605\/revisions\/4180"}],"wp:featuredmedia":[{"embeddable":true,"href":"https:\/\/aptibus.com\/ca\/wp-json\/wp\/v2\/media\/1070"}],"wp:attachment":[{"href":"https:\/\/aptibus.com\/ca\/wp-json\/wp\/v2\/media?parent=2605"}],"wp:term":[{"taxonomy":"post_tag","embeddable":true,"href":"https:\/\/aptibus.com\/ca\/wp-json\/wp\/v2\/tags?post=2605"},{"taxonomy":"portfolio_entries","embeddable":true,"href":"https:\/\/aptibus.com\/ca\/wp-json\/wp\/v2\/portfolio_entries?post=2605"}],"curies":[{"name":"wp","href":"https:\/\/api.w.org\/{rel}","templated":true}]}}